{"id":46,"date":"2024-06-14T19:34:59","date_gmt":"2024-06-14T19:34:59","guid":{"rendered":"https:\/\/fdf-skoven.dk\/?page_id=46"},"modified":"2024-06-14T19:34:59","modified_gmt":"2024-06-14T19:34:59","slug":"privatlivspolitik-for-fdf-tommerup-st","status":"publish","type":"page","link":"https:\/\/fdf-tst.dk\/index.php\/privatlivspolitik-for-fdf-tommerup-st\/","title":{"rendered":"Privatlivspolitik"},"content":{"rendered":"\n<p class=\"has-work-sans-font-family has-small-font-size\"><strong>Senest opdateret den 14\/06\/2024<\/strong><\/p>\n\n\n\n<p class=\"has-work-sans-font-family has-small-font-size\">Denne privatlivspolitik (\u201dPolitik\u201d) er g\u00e6ldende for samtlige af de oplysninger, som du giver til os, og\/eller som vi indsamler om dig i et medlems- eller lederforhold, eller som bruger af vores tjenester, herunder ved f\u00e6rden p\u00e5 vores hjemmeside. I Politikken kan du l\u00e6se mere om, hvilke oplysninger vi indsamler, hvordan vi h\u00e5ndterer dine oplysninger og hvor l\u00e6nge, vi opbevarer oplysninger om dig m.m. Vi behandler kun personoplysninger, der er relevante og n\u00f8dvendige til opfyldelse af de angivne form\u00e5l, og vi sletter dine oplysninger, n\u00e5r de ikke l\u00e6ngere er n\u00f8dvendige.<\/p>\n\n\n\n<p class=\"has-work-sans-font-family\" style=\"line-height:1\">Du b\u00f8r l\u00e6se denne politik og henvende dig til os, s\u00e5fremt der er oplysninger i Politikken, som du ikke kan acceptere. P\u00e5 vores hjemmeside vil du til enhver tid kunne finde den g\u00e6ldende version af privatlivspolitikken.<\/p>\n\n\n\n<p class=\"has-work-sans-font-family\">Den dataansvarlige organisation for behandling af dine personoplysninger er:&nbsp;<\/p>\n\n\n\n<p class=\"has-work-sans-font-family\" style=\"line-height:1\">FDF Tommerup St.&nbsp;<\/p>\n\n\n\n<p class=\"has-work-sans-font-family\" style=\"line-height:1\">St\u00e6rmosevej 196<\/p>\n\n\n\n<p class=\"has-work-sans-font-family\" style=\"line-height:1\">5690 Tommerup&nbsp;<\/p>\n\n\n\n<p class=\"has-work-sans-font-family\" style=\"line-height:1\">CVR.: 29703613<\/p>\n\n\n\n<h5 class=\"wp-block-heading\"><strong>Kontaktperson<\/strong>\u00a0<\/h5>\n\n\n\n<p class=\"has-work-sans-font-family has-small-font-size\" style=\"line-height:1\">Jesper Storm Skov<\/p>\n\n\n\n<p class=\"has-work-sans-font-family has-small-font-size\" style=\"line-height:1\">Gartnerv\u00e6nget 13<\/p>\n\n\n\n<p class=\"has-work-sans-font-family has-small-font-size\" style=\"line-height:1\">5690 Tommerup<\/p>\n\n\n\n<p class=\"has-work-sans-font-family has-small-font-size\" style=\"line-height:1\">51 51 33 05<\/p>\n\n\n\n<p class=\"has-work-sans-font-family has-small-font-size\" style=\"line-height:1\">kredsleder@fdf-tst.dk<\/p>\n\n\n\n<h5 class=\"wp-block-heading\"><strong>Behandling af personoplysninger<\/strong><\/h5>\n\n\n\n<p class=\"has-work-sans-font-family\">Afh\u00e6ngig af om du er medlem, leder, bidragsyder eller for\u00e6lder hos os, eller m\u00e5ske blot bruger af vores hjemmeside, er vi forpligtede til at behandle dine personoplysninger i et s\u00e5dant omfang, at vi dels kan give dig de ydelser, du eftersp\u00f8rger, og at vi dels kan leve op til de forpligtelser, vi har som FDF-kreds under landsforbundet Frivilligt Drenge- og Pige-Forbund, FDF og som modtager af Folkeoplysningstilskud fra kommunen mv. Dette g\u00e6lder b\u00e5de ved h\u00e5ndtering af dit medlemskab, dine eventuelle bidrag &#8211; medmindre du v\u00e6lger at bidrage anonymt &#8211; dine eventuelle k\u00f8b af ydelser eller varer hos os.<\/p>\n\n\n\n<p class=\"has-work-sans-font-family\">Vi behandler f\u00f8lgende almindelige personoplysninger:<\/p>\n\n\n\n<h5 class=\"wp-block-heading\"><strong>Oplysninger om medlemmer:<\/strong>\u00a0<\/h5>\n\n\n\n<p class=\"has-work-sans-font-family has-small-font-size\"><strong>Almindelige personoplysninger<\/strong>: Registrerings- og kontaktoplysninger som navn, k\u00f8n, adresse, indmeldelsesdato, telefonnummer, f\u00f8dselsdato, e-mailadresse samt for\u00e6ldres og andre n\u00e6re p\u00e5r\u00f8rendes kontaktoplysninger.<\/p>\n\n\n\n<p class=\"has-work-sans-font-family has-small-font-size\"><strong>Personoplysninger, der er tillagt en h\u00f8jere grad af beskyttelse<\/strong>: I forbindelse med lejre og s\u00e6rlige aktiviteter vil der blive indsamlet helbredsoplysninger for at sikre, at lederne er kl\u00e6dt p\u00e5 til at h\u00e5ndtere astma, allergi eller andre sygdomme samt s\u00e6rlige kosthensyn, der kan have indvirkning p\u00e5 aktiviteten.<\/p>\n\n\n\n<h5 class=\"wp-block-heading\"><strong>Oplysninger om ledere:\u00a0<\/strong><\/h5>\n\n\n\n<p class=\"has-work-sans-font-family has-small-font-size\"><strong>Almindelige personoplysninger<\/strong>: Registrerings- og kontaktoplysninger som navn, k\u00f8n, adresse, indmeldelsesdato, telefonnummer, f\u00f8dselsdato, e-mailadresse. Andre oplysninger om tillidsposter, andre hverv i kredsen og bankkontonummer.<\/p>\n\n\n\n<p class=\"has-work-sans-font-family has-small-font-size\"><strong>Personoplysninger, der er tillagt en h\u00f8jere grad af beskyttelse<\/strong>: CPR-nummer samt oplysninger om strafbare forhold ved indhentelse af b\u00f8rneattest.<\/p>\n\n\n\n<h5 class=\"wp-block-heading\"><strong>Her indsamler vi oplysninger fra<\/strong><\/h5>\n\n\n\n<p class=\"has-work-sans-font-family has-small-font-size\">De fleste oplysninger f\u00e5r vi fra dig, dine for\u00e6ldre eller v\u00e6rge.<\/p>\n\n\n\n<p class=\"has-work-sans-font-family has-small-font-size\">N\u00e5r der til ledere indhentes b\u00f8rneattest, kommer oplysningerne fra offentlige myndigheder.<\/p>\n\n\n\n<h5 class=\"wp-block-heading\"><strong>Foreningens form\u00e5l med behandling af dine personoplysninger<\/strong><\/h5>\n\n\n\n<p class=\"has-work-sans-font-family has-small-font-size\">Vi behandler dine personoplysninger til bestemte form\u00e5l, n\u00e5r vi har en lovlig grund.&nbsp;<\/p>\n\n\n\n<p class=\"has-work-sans-font-family has-small-font-size\">Lovlige grunde til behandling er s\u00e6rligt:<\/p>\n\n\n\n<ul class=\"wp-block-list\">\n<li class=\"has-work-sans-font-family has-small-font-size\">Kredsens berettigede (legitime) interesser i at behandle dine oplysninger (interesseafvejningsreglen)<\/li>\n\n\n\n<li class=\"has-work-sans-font-family has-small-font-size\">At det er n\u00f8dvendigt for at opfylde en kontrakt (f.eks. medlemskab) med dig<\/li>\n\n\n\n<li class=\"has-work-sans-font-family has-small-font-size\">Behandling efter lovkrav<\/li>\n\n\n\n<li class=\"has-work-sans-font-family has-small-font-size\">Behandling med samtykke<\/li>\n<\/ul>\n\n\n\n<h5 class=\"wp-block-heading\"><strong>Form\u00e5lene\u00a0<\/strong><\/h5>\n\n\n\n<h5 class=\"wp-block-heading\"><em>Er du medlem hos os, anvender vi dine personoplysninger til at:<\/em><\/h5>\n\n\n\n<ul class=\"wp-block-list\">\n<li class=\"has-work-sans-font-family has-small-font-size\">administrere dit medlemsskab, herunder kontingentopkr\u00e6vning<\/li>\n\n\n\n<li class=\"has-work-sans-font-family has-small-font-size\">planl\u00e6gge, gennemf\u00f8re og lave opf\u00f8lgning p\u00e5 kredsens aktiviteter<\/li>\n\n\n\n<li class=\"has-work-sans-font-family has-small-font-size\">opfylde lovkrav, herunder folkeoplysningsloven<\/li>\n\n\n\n<li class=\"has-work-sans-font-family has-small-font-size\">vise vores aktiviteter p\u00e5 Facebook (billeder)<\/li>\n\n\n\n<li class=\"has-work-sans-font-family has-small-font-size\">administrere din relation til os<\/li>\n<\/ul>\n\n\n\n<h5 class=\"wp-block-heading\"><em>Er du leder hos os, anvender vi dine personoplysninger til at:<\/em><\/h5>\n\n\n\n<ul class=\"wp-block-list\">\n<li class=\"has-work-sans-font-family has-small-font-size\">administrere dit medlemsskab, herunder kontingentopkr\u00e6vning<\/li>\n\n\n\n<li class=\"has-work-sans-font-family has-small-font-size\">administrere ledernes hverv og pligter i kredsen<\/li>\n\n\n\n<li class=\"has-work-sans-font-family has-small-font-size\">udvikle kredsen gennem erfaringer og uddannelse, herunder kurser<\/li>\n\n\n\n<li class=\"has-work-sans-font-family has-small-font-size\">opfylde lovkrav, herunder folkeoplysningsloven og regnskabsloven<\/li>\n\n\n\n<li class=\"has-work-sans-font-family has-small-font-size\">udbetale udl\u00e6g, k\u00f8rsel og lignende<\/li>\n\n\n\n<li class=\"has-work-sans-font-family has-small-font-size\">indhente den obligatoriske b\u00f8rneattest<\/li>\n\n\n\n<li class=\"has-work-sans-font-family has-small-font-size\">vise vores aktiviteter p\u00e5 Facebook og instagram (billeder)<\/li>\n\n\n\n<li class=\"has-work-sans-font-family has-small-font-size\">offentligg\u00f8re kontaktinfo p\u00e5 hjemmesiden s\u00e5 medlemmerne kan melde afbud<\/li>\n\n\n\n<li class=\"has-work-sans-font-family has-small-font-size\">administrere din relation til os<\/li>\n<\/ul>\n\n\n\n<h5 class=\"wp-block-heading\"><em>Er du aktiv for\u00e6lder hos os, anvender vi dine personoplysninger til at:<\/em><\/h5>\n\n\n\n<ul class=\"wp-block-list\">\n<li class=\"has-work-sans-font-family has-small-font-size\">Administrere dit eventuelle medlemskab af kredsbestyrelsen<\/li>\n\n\n\n<li class=\"has-work-sans-font-family has-small-font-size\">planl\u00e6gge og afvikle den lejr eller aktivitet, som du deltager i<\/li>\n\n\n\n<li class=\"has-work-sans-font-family has-small-font-size\">indhente den obligatoriske b\u00f8rneattest<\/li>\n\n\n\n<li class=\"has-work-sans-font-family has-small-font-size\">vise vores aktiviteter p\u00e5 Facebook (billeder)<\/li>\n\n\n\n<li class=\"has-work-sans-font-family has-small-font-size\">administrere din relation til os<\/li>\n<\/ul>\n\n\n\n<h2 class=\"wp-block-heading has-medium-font-size\"><strong>Vi behandler prim\u00e6rt personoplysninger ud fra legitime interesser<\/strong><\/h2>\n\n\n\n<p class=\"has-work-sans-font-family has-small-font-size\">I det omfang vi behandler dine medlemsoplysninger p\u00e5 baggrund af interesseafvejningsreglen, vil denne behandling udelukkende v\u00e6re motiveret af berettigede (legitime) interesser som:&nbsp;&nbsp;<\/p>\n\n\n\n<ul class=\"has-work-sans-font-family has-small-font-size wp-block-list\">\n<li>Ud\u00f8velse af de daglige aktiviteter og ture i kredsen<\/li>\n\n\n\n<li>H\u00e5ndtering af dine medlemsrettigheder i henhold til vedt\u00e6gterne m.v., herunder i forhold til for\u00e6ldregeneralforsamling&nbsp;<\/li>\n\n\n\n<li>Opfyldelse af medlemspligter, herunder opkr\u00e6vning og betaling af kontingent&nbsp;<\/li>\n\n\n\n<li>Afholdelse af sociale arrangementer eller andre aktiviteter<\/li>\n\n\n\n<li>Brug af situationsbilleder taget i kredsen, der afbilder en konkret aktivitet eller situation i kredsen&nbsp;<\/li>\n\n\n\n<li>Da kredsen h\u00f8rer under landsforbundet Frivilligt Drenge- og Pige-Forbund, FDF, sker der videregivelse af oplysninger om ledere til disse, for at ledere kan modtage information og aktivitets- og kursustilbud. Du kan finde landsforbundets privatlivspolitik p\u00e5 FDF.dk\/privatlivspolitik<\/li>\n\n\n\n<li>Videregivelse af dine almindelige personoplysninger til Frivilligt Drenge- og Pige-Forbund, FDF, i relevant og n\u00f8dvendigt omfang i forbindelse med kurser og medlemsinformationer&nbsp;<\/li>\n\n\n\n<li>Af praktiske og administrative hensyn, samt lovkrav fra myndigheder, opbevarer vi dine almindelige medlemsoplysninger ogs\u00e5 i en periode efter din udmeldelse af foreningen<\/li>\n\n\n\n<li>Af hensyn til kontaktmuligheder kan der for b\u00f8rn og unge under 18 \u00e5r behandles oplysninger om for\u00e6ldre og andre n\u00e6re p\u00e5r\u00f8rende<\/li>\n\n\n\n<li>Bevaring af oplysninger med historisk v\u00e6rdi til statistik og lignende<\/li>\n<\/ul>\n\n\n\n<p class=\"has-work-sans-font-family has-small-font-size\">S\u00e5fremt du med samtykke afgiver, eller har afgivet s\u00e6rlige kategorier af personoplysninger (f\u00f8lsomme oplysninger) til os som eksempelvis helbredsoplysninger, s\u00e5 er grundlaget for vores behandling persondataforordningens artikel 9, stk. 2 (a). Behandlingen af dine oplysninger sker udelukkende, n\u00e5r du afgiver samtykke. Form\u00e5let er at sikre, at der kan tages hensyn til dit helbred. Oplysningerne der afgives, behandles udelukkende af n\u00e6rmeste ledere og mad-ansvarlige. Et samtykke g\u00e6lder udelukkende for den p\u00e5g\u00e6ldende aktivitet (udflugt, lejrtur eller lignende), og oplysningerne vil umiddelbart efter aktivitetens afholdelse blive slettet. Et samtykke kan til enhver tid tilbagekaldes.&nbsp;<\/p>\n\n\n\n<h5 class=\"wp-block-heading\">Cookies<\/h5>\n\n\n\n<p class=\"has-work-sans-font-family has-small-font-size\">P\u00e5 kredsens hjemmeside g\u00f8res der brug af \u201dcookies\u201d til at indsamle webstatistik. En cookie er en lille tekstfil, der sendes fra vores server til din browser og lagres p\u00e5 din computers harddisk eller dit mobile device. Vi behandler ikke information om brugeradf\u00e6rd, som indsamles via cookies p\u00e5 en m\u00e5de, der kan forbinde brugeradf\u00e6rden med bestemte personer. Du kan indstille din browser til at informere dig, n\u00e5r du modtager en cookie s\u00e5ledes, at du altid har mulighed for at tage stilling til, om du vil acceptere den. Du kan ogs\u00e5 v\u00e6lge helt at sl\u00e5 funktionen fra. Hvis du g\u00f8r det, s\u00e5 vil hjemmesiden dog ikke fungere optimalt. Cookierne indeholder ikke personoplysninger s\u00e5som oplysninger om din e-mailadresse, dit medlemsnummer eller andre personlige oplysninger udover, hvad der fremg\u00e5r af n\u00e6rv\u00e6rende Politik.<\/p>\n\n\n\n<h5 class=\"wp-block-heading\"><strong>Samtykke<\/strong><\/h5>\n\n\n\n<p class=\"has-work-sans-font-family has-small-font-size\">Oftest vil vores behandling af dine personoplysninger basere sig p\u00e5 et andet lovligt grundlag end samtykke. Vi indhenter derfor kun dit samtykke, n\u00e5r det i sj\u00e6ldne tilf\u00e6lde er n\u00f8dvendigt for at behandle dine personoplysninger til de form\u00e5l, der er beskrevet ovenfor.&nbsp;<\/p>\n\n\n\n<p class=\"has-work-sans-font-family has-small-font-size\">Hvis vi indhenter dit samtykke, er det frivilligt, om du vil give samtykke, og du kan til enhver tid tr\u00e6kke det tilbage ved at give os besked om det.&nbsp;<\/p>\n\n\n\n<p class=\"has-work-sans-font-family has-small-font-size\">N\u00e5r vi indhenter personoplysninger om b\u00f8rn og unge, foretager vi en vurdering af, om barnet selv er i stand til at afgive de p\u00e5g\u00e6ldende personoplysninger. Hvis ikke, indhenter vi samtykke fra en for\u00e6lder. Vores udgangspunkt er 15 \u00e5r.&nbsp;<\/p>\n\n\n\n<p class=\"has-work-sans-font-family has-small-font-size\">Indsamler vi personoplysninger p\u00e5 b\u00f8rn via informationstjenester (apps og sociale medier), kan b\u00f8rn fra og med de er fyldt 13 \u00e5r selv afgive samtykke.<\/p>\n\n\n\n<h5 class=\"wp-block-heading\"><strong>Videregivelse af dine personoplysninger<\/strong><\/h5>\n\n\n\n<p class=\"has-work-sans-font-family has-small-font-size\">I forbindelse med medlemsskabstegning af kredsen, sker der videregivelse af oplysninger om personoplysninger til Frivilligt Drenge- og Pige-Forbund, FDF.&nbsp;&nbsp;<\/p>\n\n\n\n<p class=\"has-work-sans-font-family has-small-font-size\">I forbindelse med tilmelding til aktiviteter, lejre og kurser, sker der videregivelse af oplysninger om deltagelse og personoplysninger til Frivilligt Drenge- og Pige-Forbund, FDF.<\/p>\n\n\n\n<p class=\"has-work-sans-font-family has-small-font-size\">I forbindelse med tilmelding til aktiviteter, lejre og kurser i netv\u00e6rks regi, sker der videregivelse af oplysninger om deltagelse og personoplysninger til netv\u00e6rket.<\/p>\n\n\n\n<p class=\"has-work-sans-font-family has-small-font-size\">I forbindelse med tilmelding til aktiviteter, lejre og kurser i Landsdels regi, sker der videregivelse af oplysninger om deltagelse og personoplysninger til landsdelen.<\/p>\n\n\n\n<p class=\"has-work-sans-font-family has-small-font-size\">Der sker videregivelse af oplysninger om ledere i relevant omfang til Frivilligt Drenge- og Pige-Forbund, FDF.<\/p>\n\n\n\n<p class=\"has-work-sans-font-family has-small-font-size\">Vi videregiver ikke personoplysninger til firmaer til markedsf\u00f8ring uden dit samtykke.&nbsp;&nbsp;<\/p>\n\n\n\n<h5 class=\"wp-block-heading\"><strong>Opbevaring og sletning af dine personoplysninger<\/strong><\/h5>\n\n\n\n<p class=\"has-work-sans-font-family has-small-font-size\">Alt efter om vi behandler dine personoplysninger som medlem eller leder, har vi forskellige behandlingsform\u00e5l og opbevaringsperioder.<\/p>\n\n\n\n<h5 class=\"wp-block-heading\"><em>Medlemmer<\/em><\/h5>\n\n\n\n<p class=\"has-work-sans-font-family has-small-font-size\">Vi vil opbevare dine personoplysninger i en periode fra medlemskabets oph\u00f8r og i overensstemmelse med f\u00f8lgende kriterier:<\/p>\n\n\n\n<ul class=\"wp-block-list\">\n<li class=\"has-work-sans-font-family has-small-font-size\">Af praktiske og administrative hensyn, samt overholdelse af lovkrav overfor offentlige myndigheder, opbevarer vi dine almindelige medlemsoplysninger i op til 5 \u00e5r efter kalender\u00e5ret for din udmeldelse af kredsen<\/li>\n<\/ul>\n\n\n\n<h5 class=\"wp-block-heading\"><em>Ledere<\/em><\/h5>\n\n\n\n<p class=\"has-work-sans-font-family has-small-font-size\">Vi vil opbevare dine personoplysninger i en periode fra medlemskabets oph\u00f8r og i overensstemmelse med f\u00f8lgende kriterier:<\/p>\n\n\n\n<ul class=\"wp-block-list\">\n<li class=\"has-work-sans-font-family has-small-font-size\">Af praktiske og administrative hensyn, samt overholdelse af lovkrav overfor offentlige myndigheder, opbevarer vi dine almindelige medlemsoplysninger i op til 5 \u00e5r efter kalender\u00e5ret for din udmeldelse af kredsen<\/li>\n\n\n\n<li class=\"has-work-sans-font-family has-small-font-size\">Bilag om refusion og k\u00f8rselsgodtg\u00f8relse gemmes i 5 \u00e5r fra udl\u00f8bet af det regnskabs\u00e5r, som bilaget drejer sig om<\/li>\n<\/ul>\n\n\n\n<p class=\"has-work-sans-font-family has-small-font-size\">Vi opbevarer oplysninger p\u00e5 b\u00e5de medlemmer og ledere til statistik og lignende, s\u00e5 l\u00e6nge de har historisk v\u00e6rdi.<\/p>\n\n\n\n<h5 class=\"wp-block-heading\"><strong>Dine rettigheder<\/strong><\/h5>\n\n\n\n<p class=\"has-work-sans-font-family has-small-font-size\">N\u00e5r vi behandler personoplysninger om dig, har du en r\u00e6kke s\u00e6rlige rettigheder efter persondataforordningen:<\/p>\n\n\n\n<ul class=\"wp-block-list\">\n<li class=\"has-work-sans-font-family has-small-font-size\">Retten til at blive oplyst om behandlingen af data<\/li>\n\n\n\n<li class=\"has-work-sans-font-family has-small-font-size\">Retten til indsigt i egne personoplysninger<\/li>\n\n\n\n<li class=\"has-work-sans-font-family has-small-font-size\">Retten til berigtigelse og sletning&nbsp;<\/li>\n\n\n\n<li class=\"has-work-sans-font-family has-small-font-size\">Under s\u00e6rlige omst\u00e6ndigheder: Retten til begr\u00e6nsning af behandling<\/li>\n\n\n\n<li class=\"has-work-sans-font-family has-small-font-size\">Retten til dataportabilitet (udlevering af data i et almindeligt anvendt format)<\/li>\n\n\n\n<li class=\"has-work-sans-font-family has-small-font-size\">Retten til indsigelse&nbsp;<\/li>\n\n\n\n<li class=\"has-work-sans-font-family has-small-font-size\">Retten til tilbagekaldelse af samtykke, hvis behandlingen er baseret p\u00e5 samtykke<\/li>\n<\/ul>\n\n\n\n<p class=\"has-work-sans-font-family has-small-font-size\">Du kan skrive til kredsens kontaktperson, for at g\u00f8re brug af \u00e9n eller flere af ovenst\u00e5ende rettigheder. Kontaktpersonen er angivet \u00f8verst i dette dokument.<\/p>\n\n\n\n<p class=\"has-work-sans-font-family has-small-font-size\">Hvis du anmoder om at f\u00e5 rettet eller slettet dine personoplysninger, unders\u00f8ger vi, om betingelserne er opfyldt, og gennemf\u00f8rer i s\u00e5 fald \u00e6ndringer eller sletning s\u00e5 hurtigt som muligt.<\/p>\n\n\n\n<p class=\"has-work-sans-font-family has-small-font-size\">Hvis du er utilfreds med vores behandling af dine personoplysninger, kan du klage til det danske datatilsyn: Datatilsynet, Borgergade 28, 5. sal, 1300 K\u00f8benhavn K., telefon 3319 3200, e-mail: dt@datatilsynet.dk<\/p>\n\n\n\n<h5 class=\"wp-block-heading\"><strong>Revidering af privatlivspolitikken\u00a0<\/strong><\/h5>\n\n\n\n<p class=\"has-work-sans-font-family has-small-font-size\">Kredsen er forpligtet til at overholde de grundl\u00e6ggende principper om beskyttelse af personoplysninger og databeskyttelse. Vi gennemg\u00e5r derfor regelm\u00e6ssigt denne Politik for at holde den opdateret og i overensstemmelse med g\u00e6ldende principper og lovgivning. Denne Politik kan \u00e6ndres uden varsel. V\u00e6sentlige \u00e6ndringer af Politikken vil blive offentliggjort p\u00e5 vores hjemmeside sammen med en opdateret version af Politikken.<\/p>\n","protected":false},"excerpt":{"rendered":"<p>Senest opdateret den 14\/06\/2024 Denne privatlivspolitik (\u201dPolitik\u201d) er g\u00e6ldende for samtlige af de oplysninger, som du giver til os, og\/eller som vi indsamler om dig i et medlems- eller lederforhold, eller som bruger af vores tjenester, herunder ved f\u00e6rden p\u00e5 vores hjemmeside. I Politikken kan du l\u00e6se mere om, hvilke oplysninger vi indsamler, hvordan vi [&hellip;]<\/p>\n","protected":false},"author":1,"featured_media":0,"parent":0,"menu_order":0,"comment_status":"closed","ping_status":"closed","template":"","meta":{"footnotes":""},"class_list":["post-46","page","type-page","status-publish","hentry"],"_links":{"self":[{"href":"https:\/\/fdf-tst.dk\/index.php\/wp-json\/wp\/v2\/pages\/46","targetHints":{"allow":["GET"]}}],"collection":[{"href":"https:\/\/fdf-tst.dk\/index.php\/wp-json\/wp\/v2\/pages"}],"about":[{"href":"https:\/\/fdf-tst.dk\/index.php\/wp-json\/wp\/v2\/types\/page"}],"author":[{"embeddable":true,"href":"https:\/\/fdf-tst.dk\/index.php\/wp-json\/wp\/v2\/users\/1"}],"replies":[{"embeddable":true,"href":"https:\/\/fdf-tst.dk\/index.php\/wp-json\/wp\/v2\/comments?post=46"}],"version-history":[{"count":0,"href":"https:\/\/fdf-tst.dk\/index.php\/wp-json\/wp\/v2\/pages\/46\/revisions"}],"wp:attachment":[{"href":"https:\/\/fdf-tst.dk\/index.php\/wp-json\/wp\/v2\/media?parent=46"}],"curies":[{"name":"wp","href":"https:\/\/api.w.org\/{rel}","templated":true}]}}